{"id":2373,"date":"2021-08-18T20:55:23","date_gmt":"2021-08-18T19:55:23","guid":{"rendered":"https:\/\/lsr-bw.de\/seniorenraete\/hohenlohekreis\/?page_id=2373"},"modified":"2021-08-21T20:32:29","modified_gmt":"2021-08-21T19:32:29","slug":"besuche-in-alten-und-pflegeheimen","status":"publish","type":"page","link":"https:\/\/lsr-bw.de\/seniorenraete\/hohenlohekreis\/unsere-aufgaben\/projekte-des-seniorenrats\/weitere-aktivitaeten-des-seniorenrats\/besuche-in-alten-und-pflegeheimen\/","title":{"rendered":"Besuche in Alten- und Pflegeheimen"},"content":{"rendered":"<p>Seit seiner Gr\u00fcndung im Jahr 1988 sucht der Kreisseniorenrat Kontakt zu den Alten- und Pflegeheimen in unserer Region. Die r\u00e4umliche Ausstattung, die Atmosph\u00e4re in den Einrichtungen, die Situation der Pflegkr\u00e4fte und die Schwierigkeiten in der Umsetzung der gesetzlichen Bestimmungen veranlasst uns zu regelm\u00e4\u00dfigen Besuchen, um einen authentischen Eindruck zu gewinnen.<\/p>\n<p>Berichte zu den durchgef\u00fchrten Besuchen finden Sie hier:<\/p>\n<p>20.11.2019\u00a0\u00a0\u00a0\u00a0\u00a0\u00a0\u00a0 Seniorenzentrum D\u00f6rzbach \u00a0 \u00a0 \u00a0 \u00a0 \u00a0 \u00a0 \u00a0 \u00a0 \u00a0 \u00a0 \u00a0 \u00a0 \u00a0 \u00a0 \u00a0 \u00a0 \u00a0 \u00a0 \u00a0 \u00a0 \u00a0 \u00a0 \u00a0\u00a0\u00a0\u00a0\u00a0\u00a0\u00a0 \u21d2 <a href=\"https:\/\/lsr-bw.de\/seniorenraete\/hohenlohekreis\/wp-content\/uploads\/2021\/08\/19_11_20_Senizentr_Doerzbach.pdf\"><em>Bericht <\/em><\/a><\/p>\n<p>10.04.2019\u00a0\u00a0\u00a0\u00a0\u00a0\u00a0 Wohn- und Pflegezentrum Haus Drendl \u00a0 \u00a0 \u00a0 \u00a0 \u00a0 \u00a0 \u00a0 \u00a0 \u00a0 \u00a0 \u00a0\u00a0\u00a0\u00a0\u00a0\u00a0\u00a0\u00a0\u00a0 \u21d2<a href=\"https:\/\/lsr-bw.de\/seniorenraete\/hohenlohekreis\/wp-content\/uploads\/2021\/08\/19_04_10_Drendl.pdf\"> <em>Bericht<\/em><\/a><\/p>\n<p>16.11.2018\u00a0\u00a0\u00a0\u00a0\u00a0\u00a0\u00a0 Haus zum Fels in Schwabbach \u00a0 \u00a0 \u00a0 \u00a0 \u00a0 \u00a0 \u00a0 \u00a0 \u00a0 \u00a0 \u00a0 \u00a0 \u00a0 \u00a0 \u00a0 \u00a0 \u00a0 \u00a0 \u00a0 \u00a0 \u00a0\u00a0\u00a0\u00a0\u00a0\u00a0\u00a0 \u21d2 <a href=\"https:\/\/lsr-bw.de\/seniorenraete\/hohenlohekreis\/wp-content\/uploads\/2021\/08\/18_11_16_Haus-zum-Fels.pdf\"><em>Bericht <\/em><\/a><\/p>\n<p>14.11.2017\u00a0\u00a0\u00a0\u00a0\u00a0\u00a0\u00a0\u00a0 Altenheim Krautheim \u00a0 \u00a0 \u00a0 \u00a0 \u00a0 \u00a0 \u00a0 \u00a0 \u00a0 \u00a0 \u00a0 \u00a0 \u00a0 \u00a0 \u00a0 \u00a0 \u00a0 \u00a0 \u00a0 \u00a0 \u00a0 \u00a0 \u00a0 \u00a0 \u00a0 \u00a0 \u00a0 \u00a0\u00a0 \u00a0\u00a0\u00a0\u00a0\u00a0\u00a0 \u21d2 <a href=\"https:\/\/lsr-bw.de\/seniorenraete\/hohenlohekreis\/wp-content\/uploads\/2021\/08\/17_11_14_Krautheim-1.pdf\"><em>Bericht <\/em><\/a><\/p>\n<p>14.12.2016\u00a0\u00a0\u00a0\u00a0\u00a0\u00a0\u00a0 Alpenland \u00d6hringen-M\u00f6hrig \u00a0 \u00a0 \u00a0 \u00a0 \u00a0 \u00a0 \u00a0 \u00a0 \u00a0 \u00a0 \u00a0 \u00a0 \u00a0 \u00a0 \u00a0 \u00a0 \u00a0 \u00a0 \u00a0 \u00a0 \u00a0 \u00a0 \u00a0\u00a0\u00a0\u00a0\u00a0\u00a0 \u21d2 <a href=\"https:\/\/lsr-bw.de\/seniorenraete\/hohenlohekreis\/wp-content\/uploads\/2021\/08\/16_12_14_Alpenland.pdf\"><em>Bericht <\/em><\/a><\/p>\n<p>16.03.2016\u00a0\u00a0\u00a0\u00a0\u00a0\u00a0 Haus Agape Berndshofen \u00a0 \u00a0 \u00a0 \u00a0 \u00a0 \u00a0 \u00a0 \u00a0 \u00a0 \u00a0 \u00a0 \u00a0 \u00a0 \u00a0 \u00a0 \u00a0 \u00a0 \u00a0 \u00a0 \u00a0 \u00a0 \u00a0 \u00a0 \u00a0 \u00a0\u00a0 \u00a0\u00a0\u00a0\u00a0\u00a0 \u21d2 <a href=\"https:\/\/lsr-bw.de\/seniorenraete\/hohenlohekreis\/wp-content\/uploads\/2021\/08\/16_03_16_Agape.pdf\"><em>Bericht <\/em><\/a><\/p>\n<p>23.05.2015\u00a0\u00a0\u00a0\u00a0\u00a0\u00a0 Wohngemeinschaft Eppacher M\u00fchle in Neuenstein\u00a0\u00a0\u00a0\u00a0\u00a0\u00a0 \u00a0\u00a0 \u21d2<a href=\"https:\/\/lsr-bw.de\/seniorenraete\/hohenlohekreis\/wp-content\/uploads\/2021\/08\/15_05_23_EppacherMuehle.pdf\"> <em>Bericht <\/em><\/a><\/p>\n<p>25.03.2014\u00a0\u00a0\u00a0\u00a0\u00a0\u00a0 evangelische Stiftung Lichtenstern &#8222;Offene Hilfen in \u00d6hringen&#8220;\u00a0\u00a0\u00a0\u00a0 \u00a0 \u21d2 <a href=\"https:\/\/lsr-bw.de\/seniorenraete\/hohenlohekreis\/wp-content\/uploads\/2021\/08\/14_03_25_Lichtenstern.pdf\"><em>Bericht<\/em><\/a><\/p>\n<p>27.02.2013\u00a0\u00a0 \u00a0 \u00a0 Seniorenheimat \u00d6hringen\u00a0\u00a0\u00a0 \u00a0\u00a0\u00a0\u00a0\u00a0\u00a0\u00a0\u00a0\u00a0\u00a0\u00a0\u00a0\u00a0\u00a0\u00a0\u00a0\u00a0\u00a0\u00a0\u00a0\u00a0\u00a0\u00a0\u00a0\u00a0\u00a0\u00a0\u00a0\u00a0\u00a0\u00a0\u00a0\u00a0\u00a0\u00a0\u00a0\u00a0\u00a0\u00a0\u00a0\u00a0\u00a0\u00a0\u00a0\u00a0\u00a0\u00a0\u00a0\u00a0\u00a0\u00a0\u00a0 \u21d2<a href=\"https:\/\/lsr-bw.de\/seniorenraete\/hohenlohekreis\/wp-content\/uploads\/2021\/08\/13_02_27_Seniorenheimat-Oehringen.pdf\"><em>Bericht <\/em><\/a><\/p>\n<p>&nbsp;<\/p>\n<p>&nbsp;<\/p>\n<p>&nbsp;<\/p>\n<p>&nbsp;<\/p>\n<p>&nbsp;<\/p>\n","protected":false},"excerpt":{"rendered":"<p>Seit seiner Gr\u00fcndung im Jahr 1988 sucht der Kreisseniorenrat Kontakt zu den Alten- und Pflegeheimen in unserer Region. Die r\u00e4umliche [&hellip;]<\/p>\n","protected":false},"author":7,"featured_media":0,"parent":2363,"menu_order":1,"comment_status":"closed","ping_status":"closed","template":"","meta":[],"_links":{"self":[{"href":"https:\/\/lsr-bw.de\/seniorenraete\/hohenlohekreis\/wp-json\/wp\/v2\/pages\/2373"}],"collection":[{"href":"https:\/\/lsr-bw.de\/seniorenraete\/hohenlohekreis\/wp-json\/wp\/v2\/pages"}],"about":[{"href":"https:\/\/lsr-bw.de\/seniorenraete\/hohenlohekreis\/wp-json\/wp\/v2\/types\/page"}],"author":[{"embeddable":true,"href":"https:\/\/lsr-bw.de\/seniorenraete\/hohenlohekreis\/wp-json\/wp\/v2\/users\/7"}],"replies":[{"embeddable":true,"href":"https:\/\/lsr-bw.de\/seniorenraete\/hohenlohekreis\/wp-json\/wp\/v2\/comments?post=2373"}],"version-history":[{"count":20,"href":"https:\/\/lsr-bw.de\/seniorenraete\/hohenlohekreis\/wp-json\/wp\/v2\/pages\/2373\/revisions"}],"predecessor-version":[{"id":2454,"href":"https:\/\/lsr-bw.de\/seniorenraete\/hohenlohekreis\/wp-json\/wp\/v2\/pages\/2373\/revisions\/2454"}],"up":[{"embeddable":true,"href":"https:\/\/lsr-bw.de\/seniorenraete\/hohenlohekreis\/wp-json\/wp\/v2\/pages\/2363"}],"wp:attachment":[{"href":"https:\/\/lsr-bw.de\/seniorenraete\/hohenlohekreis\/wp-json\/wp\/v2\/media?parent=2373"}],"curies":[{"name":"wp","href":"https:\/\/api.w.org\/{rel}","templated":true}]}}