{"id":2027,"date":"2021-02-02T13:55:23","date_gmt":"2021-02-02T13:55:23","guid":{"rendered":"https:\/\/lsr-bw.de\/seniorenraete\/goeppingen\/?page_id=2027"},"modified":"2022-12-21T08:44:03","modified_gmt":"2022-12-21T07:44:03","slug":"unser-vorstand","status":"publish","type":"page","link":"https:\/\/lsr-bw.de\/seniorenraete\/goeppingen\/wer-wir-sind\/unser-vorstand\/","title":{"rendered":"Vorstand"},"content":{"rendered":"\t\t<div data-elementor-type=\"wp-page\" data-elementor-id=\"2027\" class=\"elementor elementor-2027\" data-elementor-settings=\"[]\">\n\t\t\t\t\t\t<div class=\"elementor-inner\">\n\t\t\t\t\t\t\t<div class=\"elementor-section-wrap\">\n\t\t\t\t\t\t\t<section class=\"elementor-section elementor-top-section elementor-element elementor-element-56c5e1f elementor-section-boxed elementor-section-height-default elementor-section-height-default\" data-id=\"56c5e1f\" data-element_type=\"section\">\n\t\t\t\t\t\t<div class=\"elementor-container elementor-column-gap-default\">\n\t\t\t\t\t\t\t<div class=\"elementor-row\">\n\t\t\t\t\t<div class=\"elementor-column elementor-col-100 elementor-top-column elementor-element elementor-element-60276ae\" data-id=\"60276ae\" data-element_type=\"column\">\n\t\t\t<div class=\"elementor-column-wrap elementor-element-populated\">\n\t\t\t\t\t\t\t<div class=\"elementor-widget-wrap\">\n\t\t\t\t\t\t<div class=\"elementor-element elementor-element-0500d84 elementor-widget elementor-widget-heading\" data-id=\"0500d84\" data-element_type=\"widget\" data-widget_type=\"heading.default\">\n\t\t\t\t<div class=\"elementor-widget-container\">\n\t\t\t<h2 class=\"elementor-heading-title elementor-size-default\">Der gesch\u00e4ftsf\u00fchrende Vorstand<\/h2>\t\t<\/div>\n\t\t\t\t<\/div>\n\t\t\t\t\t\t<\/div>\n\t\t\t\t\t<\/div>\n\t\t<\/div>\n\t\t\t\t\t\t\t\t<\/div>\n\t\t\t\t\t<\/div>\n\t\t<\/section>\n\t\t\t\t<section class=\"elementor-section elementor-top-section elementor-element elementor-element-e6e522e elementor-section-boxed elementor-section-height-default elementor-section-height-default\" data-id=\"e6e522e\" data-element_type=\"section\">\n\t\t\t\t\t\t<div class=\"elementor-container elementor-column-gap-default\">\n\t\t\t\t\t\t\t<div class=\"elementor-row\">\n\t\t\t\t\t<div class=\"elementor-column elementor-col-100 elementor-top-column elementor-element elementor-element-34e97bb\" data-id=\"34e97bb\" data-element_type=\"column\">\n\t\t\t<div class=\"elementor-column-wrap elementor-element-populated\">\n\t\t\t\t\t\t\t<div class=\"elementor-widget-wrap\">\n\t\t\t\t\t\t<div class=\"elementor-element elementor-element-305434d elementor-grid-4 elementor-grid-tablet-2 elementor-grid-mobile-1 elementor-posts--thumbnail-top elementor-card-shadow-yes elementor-posts__hover-gradient elementor-widget elementor-widget-posts\" data-id=\"305434d\" data-element_type=\"widget\" data-settings=\"{&quot;cards_columns&quot;:&quot;4&quot;,&quot;cards_row_gap&quot;:{&quot;unit&quot;:&quot;px&quot;,&quot;size&quot;:24,&quot;sizes&quot;:[]},&quot;cards_columns_tablet&quot;:&quot;2&quot;,&quot;cards_columns_mobile&quot;:&quot;1&quot;,&quot;cards_row_gap_tablet&quot;:{&quot;unit&quot;:&quot;px&quot;,&quot;size&quot;:&quot;&quot;,&quot;sizes&quot;:[]},&quot;cards_row_gap_mobile&quot;:{&quot;unit&quot;:&quot;px&quot;,&quot;size&quot;:&quot;&quot;,&quot;sizes&quot;:[]}}\" data-widget_type=\"posts.cards\">\n\t\t\t\t<div class=\"elementor-widget-container\">\n\t\t\t\t\t<div class=\"elementor-posts-container elementor-posts elementor-posts--skin-cards elementor-grid\">\n\t\t\t\t<article class=\"elementor-post elementor-grid-item post-2432 post type-post status-publish format-standard has-post-thumbnail hentry category-vorstand\">\n\t\t\t<div class=\"elementor-post__card\">\n\t\t\t\t<a class=\"elementor-post__thumbnail__link\" href=\"https:\/\/lsr-bw.de\/seniorenraete\/goeppingen\/vorstand\/2432\/\" ><div class=\"elementor-post__thumbnail\"><img width=\"225\" height=\"300\" src=\"https:\/\/lsr-bw.de\/seniorenraete\/goeppingen\/wp-content\/uploads\/2022\/01\/Friedrich-Kauderer_portrait-225x300.jpg\" class=\"attachment-medium size-medium\" alt=\"\" loading=\"lazy\" srcset=\"https:\/\/lsr-bw.de\/seniorenraete\/goeppingen\/wp-content\/uploads\/2022\/01\/Friedrich-Kauderer_portrait-225x300.jpg 225w, https:\/\/lsr-bw.de\/seniorenraete\/goeppingen\/wp-content\/uploads\/2022\/01\/Friedrich-Kauderer_portrait.jpg 600w\" sizes=\"(max-width: 225px) 100vw, 225px\" \/><\/div><\/a>\n\t\t\t\t<div class=\"elementor-post__text\">\n\t\t\t\t<h3 class=\"elementor-post__title\">\n\t\t\t<a href=\"https:\/\/lsr-bw.de\/seniorenraete\/goeppingen\/vorstand\/2432\/\" >\n\t\t\t\tFriedrich Kauderer\t\t\t<\/a>\n\t\t<\/h3>\n\t\t\t\t<div class=\"elementor-post__excerpt\">\n\t\t\t<p><strong>Vorsitzender<\/strong><br \/>\nStruttweg 8<br \/>\n73092 Heiningen<br \/>\nTelefon: 0 71 61 \/ 4 99 35<br \/>\nE-Mail:\u00a0<a href=\"mailto:mf.kauderer@web.de\" target=\"_blank\" rel=\"noopener\">mf.kauderer@web.de<\/a><\/p>\n\t\t<\/div>\n\t\t\t\t<\/div>\n\t\t\t\t\t<\/div>\n\t\t<\/article>\n\t\t\t\t<article class=\"elementor-post elementor-grid-item post-2446 post type-post status-publish format-standard has-post-thumbnail hentry category-vorstand\">\n\t\t\t<div class=\"elementor-post__card\">\n\t\t\t\t<a class=\"elementor-post__thumbnail__link\" href=\"https:\/\/lsr-bw.de\/seniorenraete\/goeppingen\/vorstand\/gerhard-sannwald\/\" ><div class=\"elementor-post__thumbnail\"><img width=\"225\" height=\"300\" src=\"https:\/\/lsr-bw.de\/seniorenraete\/goeppingen\/wp-content\/uploads\/2022\/01\/20241208_123910-scaled-e1734594387830-225x300.jpg\" class=\"attachment-medium size-medium\" alt=\"\" loading=\"lazy\" srcset=\"https:\/\/lsr-bw.de\/seniorenraete\/goeppingen\/wp-content\/uploads\/2022\/01\/20241208_123910-scaled-e1734594387830-225x300.jpg 225w, https:\/\/lsr-bw.de\/seniorenraete\/goeppingen\/wp-content\/uploads\/2022\/01\/20241208_123910-scaled-e1734594387830.jpg 600w\" sizes=\"(max-width: 225px) 100vw, 225px\" \/><\/div><\/a>\n\t\t\t\t<div class=\"elementor-post__text\">\n\t\t\t\t<h3 class=\"elementor-post__title\">\n\t\t\t<a href=\"https:\/\/lsr-bw.de\/seniorenraete\/goeppingen\/vorstand\/gerhard-sannwald\/\" >\n\t\t\t\tHelga W\u00f6rner\t\t\t<\/a>\n\t\t<\/h3>\n\t\t\t\t<div class=\"elementor-post__excerpt\">\n\t\t\t<p><strong>Stellvertretende Vorsitzende<\/strong><br \/>\nM\u00f6rikestrasse 114<br \/>\n73092\u00a0 Heiningen<br \/>\nTel. 07161\/43678<\/p>\n\t\t<\/div>\n\t\t\t\t<\/div>\n\t\t\t\t\t<\/div>\n\t\t<\/article>\n\t\t\t\t<article class=\"elementor-post elementor-grid-item post-2455 post type-post status-publish format-standard has-post-thumbnail hentry category-vorstand\">\n\t\t\t<div class=\"elementor-post__card\">\n\t\t\t\t<a class=\"elementor-post__thumbnail__link\" href=\"https:\/\/lsr-bw.de\/seniorenraete\/goeppingen\/vorstand\/guenter-simnacher\/\" ><div class=\"elementor-post__thumbnail\"><img width=\"225\" height=\"300\" src=\"https:\/\/lsr-bw.de\/seniorenraete\/goeppingen\/wp-content\/uploads\/2022\/01\/Gunter_Simnacher_portrait-225x300.jpg\" class=\"attachment-medium size-medium\" alt=\"\" loading=\"lazy\" srcset=\"https:\/\/lsr-bw.de\/seniorenraete\/goeppingen\/wp-content\/uploads\/2022\/01\/Gunter_Simnacher_portrait-225x300.jpg 225w, https:\/\/lsr-bw.de\/seniorenraete\/goeppingen\/wp-content\/uploads\/2022\/01\/Gunter_Simnacher_portrait.jpg 600w\" sizes=\"(max-width: 225px) 100vw, 225px\" \/><\/div><\/a>\n\t\t\t\t<div class=\"elementor-post__text\">\n\t\t\t\t<h3 class=\"elementor-post__title\">\n\t\t\t<a href=\"https:\/\/lsr-bw.de\/seniorenraete\/goeppingen\/vorstand\/guenter-simnacher\/\" >\n\t\t\t\tG\u00fcnter Simnacher\t\t\t<\/a>\n\t\t<\/h3>\n\t\t\t\t<div class=\"elementor-post__excerpt\">\n\t\t\t<p><strong>Stellvertretender Vorsitzender<\/strong><br \/>\nBr\u00fcnnerstra\u00dfe 6<br \/>\n73072 Donzdorf<br \/>\nTelefon: 0 71 62 \/ 2 32 14<br \/>\nE-Mail:\u00a0<a href=\"mailto:guenter@simnacher.com\" target=\"_blank\" rel=\"noopener\">guenter@simnacher.com<\/a><\/p>\n\t\t<\/div>\n\t\t\t\t<\/div>\n\t\t\t\t\t<\/div>\n\t\t<\/article>\n\t\t\t\t<article class=\"elementor-post elementor-grid-item post-2459 post type-post status-publish format-standard has-post-thumbnail hentry category-vorstand\">\n\t\t\t<div class=\"elementor-post__card\">\n\t\t\t\t<a class=\"elementor-post__thumbnail__link\" href=\"https:\/\/lsr-bw.de\/seniorenraete\/goeppingen\/vorstand\/thomas-weber\/\" ><div class=\"elementor-post__thumbnail\"><img width=\"300\" height=\"300\" src=\"https:\/\/lsr-bw.de\/seniorenraete\/goeppingen\/wp-content\/uploads\/2022\/01\/platzhalterbild-300x300.jpg\" class=\"attachment-medium size-medium\" alt=\"\" loading=\"lazy\" srcset=\"https:\/\/lsr-bw.de\/seniorenraete\/goeppingen\/wp-content\/uploads\/2022\/01\/platzhalterbild-300x300.jpg 300w, https:\/\/lsr-bw.de\/seniorenraete\/goeppingen\/wp-content\/uploads\/2022\/01\/platzhalterbild-150x150.jpg 150w, https:\/\/lsr-bw.de\/seniorenraete\/goeppingen\/wp-content\/uploads\/2022\/01\/platzhalterbild.jpg 700w\" sizes=\"(max-width: 300px) 100vw, 300px\" \/><\/div><\/a>\n\t\t\t\t<div class=\"elementor-post__text\">\n\t\t\t\t<h3 class=\"elementor-post__title\">\n\t\t\t<a href=\"https:\/\/lsr-bw.de\/seniorenraete\/goeppingen\/vorstand\/thomas-weber\/\" >\n\t\t\t\tThomas Weber\t\t\t<\/a>\n\t\t<\/h3>\n\t\t\t\t<div class=\"elementor-post__excerpt\">\n\t\t\t<p><strong>Rechner<\/strong><br \/>\nZiegelstra\u00dfe 14<br \/>\n73033 G\u00f6ppingen<br \/>\nTelefon: 0 71 61 \/ 9 63 36 12<br \/>\nE-Mail: <a href=\"mailto:thomweber@outlook.de\">thomweber@outlook.de<\/a><\/p>\n\t\t<\/div>\n\t\t\t\t<\/div>\n\t\t\t\t\t<\/div>\n\t\t<\/article>\n\t\t\t\t<article class=\"elementor-post elementor-grid-item post-2457 post type-post status-publish format-standard has-post-thumbnail hentry category-vorstand\">\n\t\t\t<div class=\"elementor-post__card\">\n\t\t\t\t<a class=\"elementor-post__thumbnail__link\" href=\"https:\/\/lsr-bw.de\/seniorenraete\/goeppingen\/vorstand\/helmut-wick\/\" ><div class=\"elementor-post__thumbnail\"><img width=\"300\" height=\"300\" src=\"https:\/\/lsr-bw.de\/seniorenraete\/goeppingen\/wp-content\/uploads\/2022\/01\/platzhalterbild-300x300.jpg\" class=\"attachment-medium size-medium\" alt=\"\" loading=\"lazy\" srcset=\"https:\/\/lsr-bw.de\/seniorenraete\/goeppingen\/wp-content\/uploads\/2022\/01\/platzhalterbild-300x300.jpg 300w, https:\/\/lsr-bw.de\/seniorenraete\/goeppingen\/wp-content\/uploads\/2022\/01\/platzhalterbild-150x150.jpg 150w, https:\/\/lsr-bw.de\/seniorenraete\/goeppingen\/wp-content\/uploads\/2022\/01\/platzhalterbild.jpg 700w\" sizes=\"(max-width: 300px) 100vw, 300px\" \/><\/div><\/a>\n\t\t\t\t<div class=\"elementor-post__text\">\n\t\t\t\t<h3 class=\"elementor-post__title\">\n\t\t\t<a href=\"https:\/\/lsr-bw.de\/seniorenraete\/goeppingen\/vorstand\/helmut-wick\/\" >\n\t\t\t\tArdian Ponik\t\t\t<\/a>\n\t\t<\/h3>\n\t\t\t\t<div class=\"elementor-post__excerpt\">\n\t\t\t<p><strong>Schriftf\u00fchrer<\/strong><br \/>\nWeberstra\u00dfe 2<br \/>\n73054 Eislingen\/Fils<br \/>\nTelefon 07161\/8087288<\/p>\n\t\t<\/div>\n\t\t\t\t<\/div>\n\t\t\t\t\t<\/div>\n\t\t<\/article>\n\t\t\t\t<article class=\"elementor-post elementor-grid-item post-2462 post type-post status-publish format-standard has-post-thumbnail hentry category-vorstand\">\n\t\t\t<div class=\"elementor-post__card\">\n\t\t\t\t<a class=\"elementor-post__thumbnail__link\" href=\"https:\/\/lsr-bw.de\/seniorenraete\/goeppingen\/vorstand\/harald-kraus\/\" ><div class=\"elementor-post__thumbnail\"><img width=\"225\" height=\"300\" src=\"https:\/\/lsr-bw.de\/seniorenraete\/goeppingen\/wp-content\/uploads\/2022\/01\/Harald_Kraus_portrait-225x300.jpg\" class=\"attachment-medium size-medium\" alt=\"\" loading=\"lazy\" srcset=\"https:\/\/lsr-bw.de\/seniorenraete\/goeppingen\/wp-content\/uploads\/2022\/01\/Harald_Kraus_portrait-225x300.jpg 225w, https:\/\/lsr-bw.de\/seniorenraete\/goeppingen\/wp-content\/uploads\/2022\/01\/Harald_Kraus_portrait.jpg 600w\" sizes=\"(max-width: 225px) 100vw, 225px\" \/><\/div><\/a>\n\t\t\t\t<div class=\"elementor-post__text\">\n\t\t\t\t<h3 class=\"elementor-post__title\">\n\t\t\t<a href=\"https:\/\/lsr-bw.de\/seniorenraete\/goeppingen\/vorstand\/harald-kraus\/\" >\n\t\t\t\tHarald Kraus\t\t\t<\/a>\n\t\t<\/h3>\n\t\t\t\t<div class=\"elementor-post__excerpt\">\n\t\t\t<p><strong>Pressereferent<\/strong><br \/>\nSalacher Stra\u00dfe 63<br \/>\n73054 Eislingen<br \/>\nTelefon: 0 71 61 \/ 81 75 04<\/p>\n\t\t<\/div>\n\t\t\t\t<\/div>\n\t\t\t\t\t<\/div>\n\t\t<\/article>\n\t\t\t\t<\/div>\n\n\n\t\t\n\t\t\t\t<\/div>\n\t\t\t\t<\/div>\n\t\t\t\t\t\t<\/div>\n\t\t\t\t\t<\/div>\n\t\t<\/div>\n\t\t\t\t\t\t\t\t<\/div>\n\t\t\t\t\t<\/div>\n\t\t<\/section>\n\t\t\t\t<section class=\"elementor-section elementor-top-section elementor-element elementor-element-dc111e7 elementor-section-boxed elementor-section-height-default elementor-section-height-default\" data-id=\"dc111e7\" data-element_type=\"section\">\n\t\t\t\t\t\t<div class=\"elementor-container elementor-column-gap-default\">\n\t\t\t\t\t\t\t<div class=\"elementor-row\">\n\t\t\t\t\t<div class=\"elementor-column elementor-col-100 elementor-top-column elementor-element elementor-element-6bd519b\" data-id=\"6bd519b\" data-element_type=\"column\">\n\t\t\t<div class=\"elementor-column-wrap elementor-element-populated\">\n\t\t\t\t\t\t\t<div class=\"elementor-widget-wrap\">\n\t\t\t\t\t\t<div class=\"elementor-element elementor-element-d378439 elementor-widget elementor-widget-heading\" data-id=\"d378439\" data-element_type=\"widget\" data-widget_type=\"heading.default\">\n\t\t\t\t<div class=\"elementor-widget-container\">\n\t\t\t<h2 class=\"elementor-heading-title elementor-size-default\">Vertreter der Orts- und Stadtseniorenr\u00e4te<\/h2>\t\t<\/div>\n\t\t\t\t<\/div>\n\t\t\t\t\t\t<\/div>\n\t\t\t\t\t<\/div>\n\t\t<\/div>\n\t\t\t\t\t\t\t\t<\/div>\n\t\t\t\t\t<\/div>\n\t\t<\/section>\n\t\t\t\t<section class=\"elementor-section elementor-top-section elementor-element elementor-element-af59900 elementor-section-boxed elementor-section-height-default elementor-section-height-default\" data-id=\"af59900\" data-element_type=\"section\">\n\t\t\t\t\t\t<div class=\"elementor-container elementor-column-gap-default\">\n\t\t\t\t\t\t\t<div class=\"elementor-row\">\n\t\t\t\t\t<div class=\"elementor-column elementor-col-100 elementor-top-column elementor-element elementor-element-02c7203\" data-id=\"02c7203\" data-element_type=\"column\">\n\t\t\t<div class=\"elementor-column-wrap elementor-element-populated\">\n\t\t\t\t\t\t\t<div class=\"elementor-widget-wrap\">\n\t\t\t\t\t\t<div class=\"elementor-element elementor-element-5582f2f elementor-grid-1 elementor-grid-tablet-2 elementor-grid-mobile-1 elementor-posts--thumbnail-top elementor-card-shadow-yes elementor-posts__hover-gradient elementor-widget elementor-widget-posts\" data-id=\"5582f2f\" data-element_type=\"widget\" data-settings=\"{&quot;cards_columns&quot;:&quot;1&quot;,&quot;cards_row_gap&quot;:{&quot;unit&quot;:&quot;px&quot;,&quot;size&quot;:24,&quot;sizes&quot;:[]},&quot;cards_columns_tablet&quot;:&quot;2&quot;,&quot;cards_columns_mobile&quot;:&quot;1&quot;,&quot;cards_row_gap_tablet&quot;:{&quot;unit&quot;:&quot;px&quot;,&quot;size&quot;:&quot;&quot;,&quot;sizes&quot;:[]},&quot;cards_row_gap_mobile&quot;:{&quot;unit&quot;:&quot;px&quot;,&quot;size&quot;:&quot;&quot;,&quot;sizes&quot;:[]}}\" data-widget_type=\"posts.cards\">\n\t\t\t\t<div class=\"elementor-widget-container\">\n\t\t\t\t\t<div class=\"elementor-posts-container elementor-posts elementor-posts--skin-cards elementor-grid\">\n\t\t\t\t<article class=\"elementor-post elementor-grid-item post-2473 post type-post status-publish format-standard hentry category-vertreter-der-orts-und-stadtseniorenraete\">\n\t\t\t<div class=\"elementor-post__card\">\n\t\t\t\t<div class=\"elementor-post__text\">\n\t\t\t\t<h3 class=\"elementor-post__title\">\n\t\t\t<a href=\"https:\/\/lsr-bw.de\/seniorenraete\/goeppingen\/vertreter-der-orts-und-stadtseniorenraete\/2473\/\" >\n\t\t\t\t\t\t\t<\/a>\n\t\t<\/h3>\n\t\t\t\t<div class=\"elementor-post__excerpt\">\n\t\t\t<p><strong><b>Eckard Christof, <\/b><\/strong>Ortsseniorenrat Bad Boll<strong><br \/>\nG\u00fcnter Simnacher,\u00a0<\/strong>Stadtseniorenrat Donzdorf e.V.<strong><br \/>\nHelmut Ma\u00dffelder,\u00a0<\/strong>Ortsseniorenrat Gingen<strong><br \/>\nRolf Riegler,\u00a0<\/strong>Stadtseniorenrat Eislingen e.V.<strong><br \/>\nUrsula Kunzelnick,\u00a0<\/strong>Stadtseniorenrat Ebersbach<strong><br \/>\nDieter W\u00fcrthele,<\/strong> Eschenbach<br \/>\n<strong>Dr. Theodor Dinkelacker,\u00a0<\/strong>Stadtseniorenrat Geislingen e.V.<br \/>\n<strong>Wolfgang Hoffmann,\u00a0<\/strong>Stadtseniorenrat G\u00f6ppingen e.V.<br \/>\n<strong>Waltraud Otto,\u00a0<\/strong>Seniorenbeirat Heiningen<br \/>\n<strong><b>Gerd Becker<\/b>,<\/strong> Salach<br \/>\n<strong>N.N.,\u00a0<\/strong>Stadtseniorenrat S\u00fc\u00dfen e. V.<br \/>\n<strong>Anita Ascherl,\u00a0<\/strong>SEGOFILS Seniorengemeinschaft oberes Filstal e.V.<\/p>\n\t\t<\/div>\n\t\t\t\t<\/div>\n\t\t\t\t\t<\/div>\n\t\t<\/article>\n\t\t\t\t<\/div>\n\n\n\t\t\n\t\t\t\t<\/div>\n\t\t\t\t<\/div>\n\t\t\t\t\t\t<\/div>\n\t\t\t\t\t<\/div>\n\t\t<\/div>\n\t\t\t\t\t\t\t\t<\/div>\n\t\t\t\t\t<\/div>\n\t\t<\/section>\n\t\t\t\t<section class=\"elementor-section elementor-top-section elementor-element elementor-element-29d25fe elementor-section-boxed elementor-section-height-default elementor-section-height-default\" data-id=\"29d25fe\" data-element_type=\"section\">\n\t\t\t\t\t\t<div class=\"elementor-container elementor-column-gap-default\">\n\t\t\t\t\t\t\t<div class=\"elementor-row\">\n\t\t\t\t\t<div class=\"elementor-column elementor-col-100 elementor-top-column elementor-element elementor-element-92ced1a\" data-id=\"92ced1a\" data-element_type=\"column\">\n\t\t\t<div class=\"elementor-column-wrap elementor-element-populated\">\n\t\t\t\t\t\t\t<div class=\"elementor-widget-wrap\">\n\t\t\t\t\t\t<div class=\"elementor-element elementor-element-46150e6 elementor-widget elementor-widget-heading\" data-id=\"46150e6\" data-element_type=\"widget\" data-widget_type=\"heading.default\">\n\t\t\t\t<div class=\"elementor-widget-container\">\n\t\t\t<h2 class=\"elementor-heading-title elementor-size-default\">Die weiteren gew\u00e4hlten Mitglieder<\/h2>\t\t<\/div>\n\t\t\t\t<\/div>\n\t\t\t\t\t\t<\/div>\n\t\t\t\t\t<\/div>\n\t\t<\/div>\n\t\t\t\t\t\t\t\t<\/div>\n\t\t\t\t\t<\/div>\n\t\t<\/section>\n\t\t\t\t<section class=\"elementor-section elementor-top-section elementor-element elementor-element-58f1b46 elementor-section-boxed elementor-section-height-default elementor-section-height-default\" data-id=\"58f1b46\" data-element_type=\"section\">\n\t\t\t\t\t\t<div class=\"elementor-container elementor-column-gap-default\">\n\t\t\t\t\t\t\t<div class=\"elementor-row\">\n\t\t\t\t\t<div class=\"elementor-column elementor-col-100 elementor-top-column elementor-element elementor-element-b7ff119\" data-id=\"b7ff119\" data-element_type=\"column\">\n\t\t\t<div class=\"elementor-column-wrap elementor-element-populated\">\n\t\t\t\t\t\t\t<div class=\"elementor-widget-wrap\">\n\t\t\t\t\t\t<div class=\"elementor-element elementor-element-acea0c0 elementor-grid-1 elementor-grid-tablet-2 elementor-grid-mobile-1 elementor-posts--thumbnail-top elementor-card-shadow-yes elementor-posts__hover-gradient elementor-widget elementor-widget-posts\" data-id=\"acea0c0\" data-element_type=\"widget\" data-settings=\"{&quot;cards_columns&quot;:&quot;1&quot;,&quot;cards_row_gap&quot;:{&quot;unit&quot;:&quot;px&quot;,&quot;size&quot;:24,&quot;sizes&quot;:[]},&quot;cards_columns_tablet&quot;:&quot;2&quot;,&quot;cards_columns_mobile&quot;:&quot;1&quot;,&quot;cards_row_gap_tablet&quot;:{&quot;unit&quot;:&quot;px&quot;,&quot;size&quot;:&quot;&quot;,&quot;sizes&quot;:[]},&quot;cards_row_gap_mobile&quot;:{&quot;unit&quot;:&quot;px&quot;,&quot;size&quot;:&quot;&quot;,&quot;sizes&quot;:[]}}\" data-widget_type=\"posts.cards\">\n\t\t\t\t<div class=\"elementor-widget-container\">\n\t\t\t\t\t<div class=\"elementor-posts-container elementor-posts elementor-posts--skin-cards elementor-grid\">\n\t\t\t\t<article class=\"elementor-post elementor-grid-item post-2479 post type-post status-publish format-standard hentry category-die-weiteren-gewaehlten-mitglieder\">\n\t\t\t<div class=\"elementor-post__card\">\n\t\t\t\t<div class=\"elementor-post__text\">\n\t\t\t\t<h3 class=\"elementor-post__title\">\n\t\t\t<a href=\"https:\/\/lsr-bw.de\/seniorenraete\/goeppingen\/die-weiteren-gewaehlten-mitglieder\/2479\/\" >\n\t\t\t\t\t\t\t<\/a>\n\t\t<\/h3>\n\t\t\t\t<div class=\"elementor-post__excerpt\">\n\t\t\t<p><strong>Roselies D\u00fcrr,\u00a0<\/strong>SPD-Senioren 60+ Ebersbach<br \/>\n<strong>Salvatore Volpe,\u00a0<\/strong>IG Metall Senioren G\u00f6ppingen<br \/>\n<strong>Ardian Ponik,<\/strong>\u00a0AWO Eislingen<br \/>\n<strong>Hermann Gengenbach,<\/strong>\u00a0Diakonie<br \/>\n<strong>Barbara Heubach,<\/strong>\u00a0DRK<br \/>\n<b>N.N.\u00a0<\/b>Forum kath. Seniorenarbeit<\/p>\n\t\t<\/div>\n\t\t\t\t<\/div>\n\t\t\t\t\t<\/div>\n\t\t<\/article>\n\t\t\t\t<\/div>\n\n\n\t\t\n\t\t\t\t<\/div>\n\t\t\t\t<\/div>\n\t\t\t\t\t\t<\/div>\n\t\t\t\t\t<\/div>\n\t\t<\/div>\n\t\t\t\t\t\t\t\t<\/div>\n\t\t\t\t\t<\/div>\n\t\t<\/section>\n\t\t\t\t<section class=\"elementor-section elementor-top-section elementor-element elementor-element-110c293 elementor-section-boxed elementor-section-height-default elementor-section-height-default\" data-id=\"110c293\" data-element_type=\"section\">\n\t\t\t\t\t\t<div class=\"elementor-container elementor-column-gap-default\">\n\t\t\t\t\t\t\t<div class=\"elementor-row\">\n\t\t\t\t\t<div class=\"elementor-column elementor-col-100 elementor-top-column elementor-element elementor-element-4374385\" data-id=\"4374385\" data-element_type=\"column\">\n\t\t\t<div class=\"elementor-column-wrap elementor-element-populated\">\n\t\t\t\t\t\t\t<div class=\"elementor-widget-wrap\">\n\t\t\t\t\t\t<div class=\"elementor-element elementor-element-02b77c6 elementor-widget elementor-widget-heading\" data-id=\"02b77c6\" data-element_type=\"widget\" data-widget_type=\"heading.default\">\n\t\t\t\t<div class=\"elementor-widget-container\">\n\t\t\t<h2 class=\"elementor-heading-title elementor-size-default\">Beratende Mitglieder<\/h2>\t\t<\/div>\n\t\t\t\t<\/div>\n\t\t\t\t\t\t<\/div>\n\t\t\t\t\t<\/div>\n\t\t<\/div>\n\t\t\t\t\t\t\t\t<\/div>\n\t\t\t\t\t<\/div>\n\t\t<\/section>\n\t\t\t\t<section class=\"elementor-section elementor-top-section elementor-element elementor-element-33acc2c elementor-section-boxed elementor-section-height-default elementor-section-height-default\" data-id=\"33acc2c\" data-element_type=\"section\">\n\t\t\t\t\t\t<div class=\"elementor-container elementor-column-gap-default\">\n\t\t\t\t\t\t\t<div class=\"elementor-row\">\n\t\t\t\t\t<div class=\"elementor-column elementor-col-100 elementor-top-column elementor-element elementor-element-7641006\" data-id=\"7641006\" data-element_type=\"column\">\n\t\t\t<div class=\"elementor-column-wrap elementor-element-populated\">\n\t\t\t\t\t\t\t<div class=\"elementor-widget-wrap\">\n\t\t\t\t\t\t<div class=\"elementor-element elementor-element-ea3197c elementor-grid-1 elementor-grid-tablet-2 elementor-grid-mobile-1 elementor-posts--thumbnail-top elementor-card-shadow-yes elementor-posts__hover-gradient elementor-widget elementor-widget-posts\" data-id=\"ea3197c\" data-element_type=\"widget\" data-settings=\"{&quot;cards_columns&quot;:&quot;1&quot;,&quot;cards_row_gap&quot;:{&quot;unit&quot;:&quot;px&quot;,&quot;size&quot;:24,&quot;sizes&quot;:[]},&quot;cards_columns_tablet&quot;:&quot;2&quot;,&quot;cards_columns_mobile&quot;:&quot;1&quot;,&quot;cards_row_gap_tablet&quot;:{&quot;unit&quot;:&quot;px&quot;,&quot;size&quot;:&quot;&quot;,&quot;sizes&quot;:[]},&quot;cards_row_gap_mobile&quot;:{&quot;unit&quot;:&quot;px&quot;,&quot;size&quot;:&quot;&quot;,&quot;sizes&quot;:[]}}\" data-widget_type=\"posts.cards\">\n\t\t\t\t<div class=\"elementor-widget-container\">\n\t\t\t\t\t<div class=\"elementor-posts-container elementor-posts elementor-posts--skin-cards elementor-grid\">\n\t\t\t\t<article class=\"elementor-post elementor-grid-item post-2487 post type-post status-publish format-standard hentry category-beratende-mitglieder\">\n\t\t\t<div class=\"elementor-post__card\">\n\t\t\t\t<div class=\"elementor-post__text\">\n\t\t\t\t<h3 class=\"elementor-post__title\">\n\t\t\t<a href=\"https:\/\/lsr-bw.de\/seniorenraete\/goeppingen\/beratende-mitglieder\/2487\/\" >\n\t\t\t\t\t\t\t<\/a>\n\t\t<\/h3>\n\t\t\t\t<div class=\"elementor-post__excerpt\">\n\t\t\t<p><strong>Isabell Schr\u00f6der,\u00a0<\/strong>Landratsamt G\u00f6ppingen, Altenhilfefachberatung<br \/>\n<strong>Sonja Elser,\u00a0<\/strong>AWO<br \/>\n<strong>Sabine St\u00f6vhase,\u00a0<\/strong>Caritas<br \/>\n<strong>Sascha Lutz,\u00a0<\/strong>Diakonie<br \/>\n<strong>Alexander Schnek,\u00a0<\/strong>DRK<br \/>\n<strong>Jutta Kraus,\u00a0<\/strong>PWV<br \/>\n<strong>N.N.,\u00a0<\/strong>Lebenshilfe G\u00f6ppingen<\/p>\n\t\t<\/div>\n\t\t\t\t<\/div>\n\t\t\t\t\t<\/div>\n\t\t<\/article>\n\t\t\t\t<\/div>\n\n\n\t\t\n\t\t\t\t<\/div>\n\t\t\t\t<\/div>\n\t\t\t\t\t\t<\/div>\n\t\t\t\t\t<\/div>\n\t\t<\/div>\n\t\t\t\t\t\t\t\t<\/div>\n\t\t\t\t\t<\/div>\n\t\t<\/section>\n\t\t\t\t\t\t<\/div>\n\t\t\t\t\t\t<\/div>\n\t\t\t\t\t<\/div>\n\t\t","protected":false},"excerpt":{"rendered":"<p>Der gesch\u00e4ftsf\u00fchrende Vorstand Vertreter der Orts- und Stadtseniorenr\u00e4te Die weiteren gew\u00e4hlten Mitglieder Beratende Mitglieder<\/p>\n","protected":false},"author":3,"featured_media":0,"parent":110,"menu_order":0,"comment_status":"closed","ping_status":"closed","template":"","meta":[],"_links":{"self":[{"href":"https:\/\/lsr-bw.de\/seniorenraete\/goeppingen\/wp-json\/wp\/v2\/pages\/2027"}],"collection":[{"href":"https:\/\/lsr-bw.de\/seniorenraete\/goeppingen\/wp-json\/wp\/v2\/pages"}],"about":[{"href":"https:\/\/lsr-bw.de\/seniorenraete\/goeppingen\/wp-json\/wp\/v2\/types\/page"}],"author":[{"embeddable":true,"href":"https:\/\/lsr-bw.de\/seniorenraete\/goeppingen\/wp-json\/wp\/v2\/users\/3"}],"replies":[{"embeddable":true,"href":"https:\/\/lsr-bw.de\/seniorenraete\/goeppingen\/wp-json\/wp\/v2\/comments?post=2027"}],"version-history":[{"count":48,"href":"https:\/\/lsr-bw.de\/seniorenraete\/goeppingen\/wp-json\/wp\/v2\/pages\/2027\/revisions"}],"predecessor-version":[{"id":2697,"href":"https:\/\/lsr-bw.de\/seniorenraete\/goeppingen\/wp-json\/wp\/v2\/pages\/2027\/revisions\/2697"}],"up":[{"embeddable":true,"href":"https:\/\/lsr-bw.de\/seniorenraete\/goeppingen\/wp-json\/wp\/v2\/pages\/110"}],"wp:attachment":[{"href":"https:\/\/lsr-bw.de\/seniorenraete\/goeppingen\/wp-json\/wp\/v2\/media?parent=2027"}],"curies":[{"name":"wp","href":"https:\/\/api.w.org\/{rel}","templated":true}]}}